{"id":16,"date":"2022-01-27T07:02:51","date_gmt":"2022-01-27T07:02:51","guid":{"rendered":"https:\/\/elekey.de\/?page_id=16"},"modified":"2025-10-19T20:37:05","modified_gmt":"2025-10-19T20:37:05","slug":"highlight-pro","status":"publish","type":"page","link":"https:\/\/elekey.de\/","title":{"rendered":"HOME"},"content":{"rendered":"<div  data-label=\"Content\" data-id=\"content--6\" data-export-id=\"content-11\" data-category=\"content\" class=\"content-11 content-section content-section-spacing\" id=\"content-6\" style=\"background-color: rgb(255, 255, 255); background-image: none;\"><div  class=\"gridContainer\">  <div  class=\"row center-xs middle-xs\"> <div  class=\"col-sm-9\"> <div  class=\"lightbox-video lightbox-video-tall dark-overlay shadow-large flexbox middle-xs center-xs\" data-type=\"group\" data-bg=\"image\" style=\"background-image: url(&quot;https:\/\/elekey.de\/wp-content\/uploads\/2025\/08\/cropped-ChatGPT-Image-19.-Aug.-2025-15_48_17.png&quot;);\"> <a  data-fancybox=\"\" data-video-lightbox=\"true\" href=\"https:\/\/youtu.be\/PrOJFsgmHQg\" class=\"\"> <i  data-cp-fa=\"true\" class=\"fa video-icon fa-play-circle-o color5\"><\/i><\/a> <\/div><\/div> <\/div><\/div> <\/div><div  data-label=\"Features\" data-id=\"features--1\" data-export-id=\"features-12-card\" data-category=\"features\" class=\"features-12-card content-section content-section-spacing\" id=\"features-1\" style=\"background-color: rgb(255, 255, 255); background-image: none;\" data-section-ov=\"1\"><div  class=\"gridContainer\"><div  data-section-title-area=\"true\" class=\"row text-center\">   <div  class=\"section-title-col\" data-type=\"column\">                 <h3  class=\"\"><span  style=\"font-family: verdana, geneva, sans-serif; font-weight: 700;\">ELEKEY ERM\u00d6GLICHT DIE BUCHUNG ALLER LADESTATIONEN!<\/span><\/h3><\/div><\/div>  <div  class=\"row spaced-cols\" data-type=\"row\">  <div  class=\"col-sm-6\"> <div  class=\"card row-card\"> <div  class=\"row\"> <div  class=\"col-sm-fit icon-column\"> <i  class=\"fa icon fa-cogs color4\"><\/i> <\/div> <div  class=\"col-sm\" data-type=\"column\"> <h5  class=\"color2\"><span  style=\"font-family: verdana, geneva, sans-serif; font-weight: 700;\">Effiziente Planung<\/span><\/h5> <p  class=\"\"><span  style=\"font-family: verdana, geneva, sans-serif;\">Die Organisation von Ladevorg\u00e4ngen wird einfach und zuverl\u00e4ssig. Nutzer k\u00f6nnen bevorzugte Ladezeiten vorab sichern, wodurch Engp\u00e4sse vermieden und die Verf\u00fcgbarkeit optimal gesteuert werden \u2013 praktisch, komfortabel und zeitsparend.<\/span><\/p><\/div> <\/div><\/div> <\/div> <div  class=\"col-sm-6\"> <div  class=\"card row-card\"> <div  class=\"row\"> <div  class=\"col-sm-fit icon-column\"> <i  class=\"fa icon fa-bar-chart color4\"><\/i> <\/div> <div  class=\"col-sm\" data-type=\"column\"> <h5  class=\"color2\"><span  style=\"font-family: verdana, geneva, sans-serif; font-weight: 700;\">Kostentransparenz<\/span><\/h5> <p  class=\"\"><span  style=\"font-family: verdana, geneva, sans-serif;\">Die Kostenstruktur ist vollst\u00e4ndig transparent und nachvollziehbar. Die Nutzung erfolgt ohne vertragliche Bindung, wodurch maximale Flexibilit\u00e4t und Unabh\u00e4ngigkeit gew\u00e4hrleistet werden \u2013 eine effiziente und kundenorientierte L\u00f6sung.<\/span><\/p><\/div> <\/div><\/div> <\/div> <div  class=\"col-sm-6\"> <div  class=\"card row-card\"> <div  class=\"row\"> <div  class=\"col-sm-fit icon-column\"> <i  class=\"fa icon fa-share-alt color4\"><\/i> <\/div> <div  class=\"col-sm\" data-type=\"column\"> <h5  class=\"color2\"><span  style=\"font-family: verdana, geneva, sans-serif; font-weight: 700;\">Gezielte Auslastung<\/span><\/h5> <p  class=\"\"><span  style=\"font-family: verdana, geneva, sans-serif;\">Die gezielte Auslastung von Ladestationen wird durch das flexible Sharing eigener Ladeinfrastruktur maximiert. Betreiber k\u00f6nnen ihre Ressourcen optimal nutzen und durch die bedarfsgerechte Bereitstellung die Rentabilit\u00e4t ihrer Ladestationen steigern.<\/span><\/p><\/div> <\/div><\/div> <\/div><div  class=\"col-sm-6\"> <div  class=\"card row-card\"> <div  class=\"row\"> <div  class=\"col-sm-fit icon-column\"> <i  class=\"fa icon fa-laptop color4\"><\/i> <\/div> <div  class=\"col-sm\" data-type=\"column\"> <h5  class=\"color2\"><span  style=\"font-family: verdana, geneva, sans-serif; font-weight: 700;\">Einfache Nutzung<\/span><\/h5> <p  class=\"\"><span  style=\"font-family: verdana, geneva, sans-serif;\">Das Laden von E-Fahrzeugen gelingt einfach und ohne zus\u00e4tzliche Hard- oder Software. Die L\u00f6sung integriert sich nahtlos in bestehende Systeme, ist effizient, flexibel und kostensparend \u2013 nachhaltige Mobilit\u00e4t wird so noch zug\u00e4nglicher.<\/span><\/p><\/div> <\/div><\/div> <\/div><\/div> <\/div><\/div><div  data-label=\"Overlappable\" data-id=\"overlappable--2\" data-export-id=\"overlappable-3\" data-category=\"overlappable\" class=\"overlappable-3 content-section content-section-spacing\" data-overlap=\"true\" id=\"overlappable-2\" style=\"background-color: rgb(255, 255, 255);\"><div  class=\"gridContainer\"> <div  class=\"row bg-color-white shadow-medium\"><div  class=\"col-xs-12 col-sm-6 image-col first-image-col\" data-bg=\"image\" style=\"background-image: url(&quot;https:\/\/elekey.de\/wp-content\/uploads\/2025\/02\/cropped-sauberer-Auto-und-EV-scaled-4.jpg&quot;);\"><\/div> <div  class=\"col-xs-12 col-sm-6 content-col col-padding col-padding-xs\"> <div  class=\"col-padding\" data-type=\"column\"> <h3  class=\"\"><span  style=\"font-family: verdana, geneva, sans-serif; font-weight: 700;\">EIN SYSTEM \u2013<\/span><br ><span  style=\"font-family: verdana, geneva, sans-serif; font-weight: 700;\">\nALLE LADESTATIONEN<\/span><\/h3><h4  class=\"\"><span  style=\"font-family: verdana, geneva, sans-serif; font-weight: 700;\">GLOBAL VERNETZT STATT SEPARATER INFRASTRUKTUREN<\/span><\/h4> <p  class=\"\"><span  style=\"font-family: verdana, geneva, sans-serif;\">Mit ELEKEY bieten wir eine L\u00f6sung, die alle Ladestationen weltweit in einem einheitlichen Netzwerk integriert. Anstatt auf separate Infrastrukturen angewiesen zu sein, erm\u00f6glicht unser Ansatz eine nahtlose Nutzung und Verwaltung von Ladepunkten \u2013 unabh\u00e4ngig vom Standort. So erhalten Nutzer eine einfache, effiziente und global zug\u00e4ngliche Ladeinfrastruktur.<\/span><\/p> <\/div> <\/div><\/div> <div  class=\"row bg-color-white shadow-medium\"><div  class=\"col-xs-12 col-sm-6 content-col col-padding col-padding-xs\"> <div  class=\"col-padding\" data-type=\"column\">  <\/div> <\/div> <div  class=\"col-xs-12 col-sm-6 image-col second-image-col first-xs last-sm\" data-bg=\"image\" style=\"background-image: url(&quot;https:\/\/elekey.de\/wp-content\/uploads\/2025\/01\/cropped-cropped-Bildschirmfoto-2025-01-10-um-18.17.08-1.png&quot;);\"><\/div> <\/div><\/div> <\/div><div  data-label=\"Content\" data-id=\"content--5\" data-export-id=\"content-12\" data-category=\"content\" class=\"content-12 content-section content-section-spacing\" id=\"content-5\" style=\"background-color: rgb(255, 255, 255); background-image: none;\"><div  class=\"gridContainer\">  <div  class=\"row center-xs middle-xs\"> <div  class=\"col-sm-9\" data-type=\"column\"> <img  decoding=\"async\" class=\"shadow-large\" src=\"https:\/\/elekey.de\/wp-content\/uploads\/2025\/03\/cropped-Bildschirmfoto-2025-03-03-um-20.53.05.png\" title=\"cropped-Bildschirmfoto-2025-03-03-um-20.53.05.png\" alt=\"\"><\/div> <\/div><\/div> <\/div><div  data-label=\"Content\" data-id=\"content--4\" data-export-id=\"content-16\" data-category=\"content\" class=\"content-16 content-section content-section-spacing\" id=\"content-4\" style=\"background-color: rgb(255, 255, 255); background-image: none;\" data-section-ov=\"1\"><div  class=\"gridContainer\"> <div  class=\"row middle-sm\"><div  class=\"col-sm-6 space-bottom-xs\" data-type=\"column\">  <h3  class=\"\"><span  style=\"font-family: verdana, geneva, sans-serif; font-weight: 700;\">UNSICHER BEI ELEKTRIFIZIERUNG?<\/span><\/h3><p  class=\"\"><span  style=\"font-family: verdana, geneva, sans-serif;\">Unser Partnernetzwerk unterst\u00fctzt nicht nur beim Umstieg, sondern auch bei der Verwaltung ihrer elektrifizierten Flotten.<\/span><\/p> <a class=\"button color1\" href=\"https:\/\/elekey.de?page_id=908\" target=\"_self\" data-cp-link=\"1\" data-icon=\"\" rel=\"noopener\">Unsere Partner<\/a><\/div> <div  class=\"col-sm-6 flexbox around-xs top-xs space-top-xs space-bottom-xs\"><div  class=\"overlay-box flexbox middle-xs center-xs overlay-holder\"> <div  class=\"overlay-box-offset offset-border shadow-medium border-color2 hide-xs\"><\/div> <img  decoding=\"async\" class=\"flexbox shadow-large img1\" data-size=\"500x500\" src=\"https:\/\/elekey.de\/wp-content\/uploads\/2025\/01\/cropped-Auge-gespiegelt-2.png\" title=\"cropped-Auge-gespiegelt-2.png\" alt=\"\"><\/div> <\/div><\/div> <\/div><\/div><div  data-label=\"Overlappable\" data-id=\"overlappable--1\" data-export-id=\"overlappable-5\" data-category=\"overlappable\" class=\"overlappable-5 content-section content-section-spacing\" data-overlap=\"true\" id=\"overlappable-1\" style=\"background-color: rgb(255, 255, 255);\"><div  class=\"gridContainer\"> <div  data-type=\"row\" class=\"row shadow-medium bg-color-white\"><div  class=\"col-xs-12 col-sm-4 col-padding col-padding-xs bg-color-white\"> <div  class=\"row middle-sm\"><div  class=\"col-xs-12 col-sm-fit icon-column\"> <i  class=\"fa icon fa-connectdevelop color4\"><\/i><\/div> <div  data-type=\"column\" class=\"col-xs-12 col-sm v-spacing\"><h5  class=\"\"><span  style=\"font-family: verdana, geneva, sans-serif;\">SDG 9 \u2013 Industrie und Infrastruktur<\/span><\/h5><\/div> <\/div> <div  class=\"row\"> <div  class=\"col-xs-12 col-sm-12\" data-type=\"column\"> <p  class=\"\"><span  style=\"font-family: verdana, geneva, sans-serif;\">ELEKEY schafft eine vernetzte und nachhaltige Mobilit\u00e4tsinfrastruktur. Effizienz, innovative Nutzung und Interoperabilit\u00e4t stehen dabei im Vordergrund.<\/span><\/p> <\/div> <\/div><\/div> <div  class=\"col-xs-12 col-sm-4 col-padding col-padding-xs bg-color-white\"><div  class=\"row middle-sm\"> <div  class=\"col-xs-12 col-sm-fit icon-column\"><i  class=\"fa icon fa-connectdevelop color4\"><\/i><\/div> <div  data-type=\"column\" class=\"col-xs-12 col-sm v-spacing\"><h5  class=\"\"><span  style=\"font-family: verdana, geneva, sans-serif;\">SDG 12 \u2013 Energieeffizienz und Ressourcenschonung<\/span><\/h5><\/div> <\/div> <div  class=\"row\"> <div  class=\"col-xs-12 col-sm-12\" data-type=\"column\"> <p  class=\"\"><span  style=\"font-family: verdana, geneva, sans-serif;\">ELEKEY steigert die Energieeffizienz durch optimierte Buchungsprozesse und erm\u00f6glicht eine intelligente sowie ressourcenschonende Nutzung der Elektromobilit\u00e4t.<\/span><\/p> <\/div> <\/div><\/div> <div  class=\"col-xs-12 col-sm-4 col-padding col-padding-xs bg-color-white\"><div  class=\"row middle-sm\"> <div  class=\"col-xs-12 col-sm-fit icon-column\"><i  class=\"fa icon fa-connectdevelop color4\"><\/i><\/div> <div  data-type=\"column\" class=\"col-xs-12 col-sm v-spacing\"><h5  class=\"\"><span  style=\"font-family: verdana, geneva, sans-serif;\">SDG 13 \u2013 Klimaschutz durch CO\u2082-Reduktion<\/span><\/h5><\/div> <\/div> <div  class=\"row\"> <div  class=\"col-xs-12 col-sm-12\" data-type=\"column\"> <p  class=\"\"><span  style=\"font-family: verdana, geneva, sans-serif;\">ELEKEY f\u00f6rdert aktiv die Elektromobilit\u00e4t, unterst\u00fctzt die Nutzung erneuerbarer Energien und leistet einen wichtigen Beitrag zur Verringerung von Treibhausgasemissionen.<\/span><\/p> <\/div> <\/div><\/div> <\/div><\/div> <\/div><div  data-label=\"Content\" data-id=\"content--2\" data-export-id=\"content-15\" data-category=\"content\" class=\"content-15 content-section content-section-spacing\" id=\"content-2\" style=\"background-color: rgb(255, 255, 255); background-image: none;\" data-section-ov=\"1\"><div  class=\"gridContainer\"> <div  class=\"row middle-sm\"><div  class=\"col-sm-6 flexbox around-xs top-xs space-bottom-xs space-top-xs\"> <div  class=\"overlay-box flexbox middle-xs center-xs overlay-holder\"><div  class=\"overlay-box-offset offset-border shadow-medium border-color2 hide-xs\"><\/div> <img  decoding=\"async\" class=\"flexbox shadow-large img1\" data-size=\"500x500\" src=\"https:\/\/elekey.de\/wp-content\/uploads\/2025\/01\/cropped-Auge-bearbeiten-2.jpg\" title=\"cropped-Auge-bearbeiten-2.jpg\" alt=\"\"><\/div> <\/div> <div  class=\"col-sm-6\" data-type=\"column\"> <h3  class=\"\"><span  style=\"font-family: verdana, geneva, sans-serif; font-weight: 700;\">INTERESSE AN EINEM TESTLAUF?<\/span><\/h3> <p  class=\"\"><span  style=\"font-family: verdana, geneva, sans-serif;\">Entdecken Sie die M\u00f6glichkeiten mit unserem Simulator und testen Sie die Integration von E-Mobilit\u00e4t f\u00fcr Ihren Bedarf.<\/span><\/p> <a class=\"button color1\" href=\"https:\/\/elekey.de?page_id=1008\" target=\"_self\" data-cp-link=\"1\" data-icon=\"\" rel=\"noopener\">Kontakt zu uns<\/a><\/div> <\/div><\/div> <\/div><div  data-label=\"Testimonials\" data-id=\"testimonials--3\" data-export-id=\"testimonials-5-mc\" data-category=\"testimonials\" class=\"testimonials-5-mc content-section content-section-spacing content-relative\" id=\"testimonials-2\" style=\"background-color: rgb(255, 255, 255);\"><div  class=\"gridContainer\">  <div  class=\"row spaced-cols content-center-sm\" data-type=\"row\"> <div  class=\"col-sm-4\"> <div  class=\"card y-move bordered\" data-type=\"column\">   <a data-cp-link=\"1\" href=\"https:\/\/elekey.de?page_id=905\" class=\"\" target=\"_self\" rel=\"noopener\"><img  decoding=\"async\" src=\"https:\/\/elekey.de\/wp-content\/uploads\/2023\/06\/cropped-cropped-cropped-wabe-section-3-2-4-1.png\" class=\"round icon\" title=\"cropped-cropped-cropped-wabe-section-3-2-4-1.png\" alt=\"\"><\/a>  <h4  class=\"\"><span  style=\"font-weight: 700; font-family: verdana, geneva, sans-serif;\">LOGISTIKER<\/span><\/h4><\/div> <\/div> <div  class=\"col-sm-4\"> <div  class=\"card y-move bordered\" data-type=\"column\">   <a data-cp-link=\"1\" href=\"https:\/\/elekey.de?page_id=2198\" class=\"\" target=\"_self\" rel=\"noopener\"><img  decoding=\"async\" src=\"https:\/\/elekey.de\/wp-content\/uploads\/2023\/06\/cropped-cropped-cropped-cropped-cropped-cropped-cropped-wabe-section-7-1-2-1.png\" class=\"round icon\" title=\"cropped-cropped-cropped-cropped-cropped-cropped-cropped-wabe-section-7-1-2-1.png\" alt=\"\"><\/a><h4  class=\"\"><span  style=\"font-family: verdana, geneva, sans-serif; font-weight: 700;\">ENDNUTZER<\/span><\/h4>  <\/div> <\/div> <div  class=\"col-sm-4\"> <div  class=\"card y-move bordered\" data-type=\"column\">   <a data-cp-link=\"1\" href=\"https:\/\/elekey.de?page_id=911\" class=\"\" target=\"_self\" rel=\"noopener\"><img  decoding=\"async\" src=\"https:\/\/elekey.de\/wp-content\/uploads\/2024\/04\/cropped-cropped-Gespiegelt-1.png\" class=\"round icon\" title=\"cropped-cropped-Gespiegelt-1.png\" alt=\"\"><\/a>  <h4  class=\"\"><span  style=\"font-family: verdana, geneva, sans-serif; font-weight: 700;\">LADESTATIONSBETREIBER<\/span><\/h4><\/div> <\/div><\/div> <\/div><\/div><div  data-label=\"Contact\" data-id=\"contact--1\" data-export-id=\"contact-3\" data-category=\"contact\" class=\"contact-3 content-section content-section-spacing\" id=\"contact-1\" style=\"background-color: rgb(255, 255, 255); background-size: cover; background-position: center top; background-image: url(&quot;https:\/\/elekey.de\/wp-content\/uploads\/2024\/04\/Kontakt.png&quot;);\" data-section-ov=\"1\"><div  class=\"gridContainer\"> <div  class=\"row\"><div  class=\"col-xs-12 col-sm-6 col-sm-offset-6 col-md-5 col-md-offset-7 text-center\"> <div  data-type=\"column\" class=\"card large-padding\"><a data-cp-link=\"1\" href=\"https:\/\/corporatelivewire.com\/blog.html?id=elekey-wins-new-ev-technology-of-the-year\" class=\"\" target=\"_blank\" rel=\"noopener\"><img  decoding=\"async\" class=\"custom-image\" src=\"https:\/\/elekey.de\/wp-content\/uploads\/2025\/10\/cropped-cropped-signal-2025-10-19-200014-1-2.png\" title=\"cropped-cropped-signal-2025-10-19-200014-1-2.png\" alt=\"\"><\/a>     <\/div> <\/div><\/div> <\/div><\/div>","protected":false},"excerpt":{"rendered":"<p>ELEKEY ERM\u00d6GLICHT DIE BUCHUNG ALLER LADESTATIONEN! Effiziente Planung Die Organisation von Ladevorg\u00e4ngen wird einfach und zuverl\u00e4ssig. Nutzer k\u00f6nnen bevorzugte Ladezeiten vorab sichern, wodurch Engp\u00e4sse vermieden und die Verf\u00fcgbarkeit optimal gesteuert werden \u2013 praktisch, komfortabel und zeitsparend. Kostentransparenz Die Kostenstruktur ist vollst\u00e4ndig transparent und nachvollziehbar. Die Nutzung erfolgt ohne vertragliche Bindung, wodurch maximale Flexibilit\u00e4t und Unabh\u00e4ngigkeit&hellip; <br \/> <a class=\"read-more\" href=\"https:\/\/elekey.de\/\">Read more<\/a><\/p>\n","protected":false},"author":1,"featured_media":0,"parent":0,"menu_order":0,"comment_status":"closed","ping_status":"closed","template":"page-templates\/homepage.php","meta":{"footnotes":""},"_links":{"self":[{"href":"https:\/\/elekey.de\/index.php?rest_route=\/wp\/v2\/pages\/16"}],"collection":[{"href":"https:\/\/elekey.de\/index.php?rest_route=\/wp\/v2\/pages"}],"about":[{"href":"https:\/\/elekey.de\/index.php?rest_route=\/wp\/v2\/types\/page"}],"author":[{"embeddable":true,"href":"https:\/\/elekey.de\/index.php?rest_route=\/wp\/v2\/users\/1"}],"replies":[{"embeddable":true,"href":"https:\/\/elekey.de\/index.php?rest_route=%2Fwp%2Fv2%2Fcomments&post=16"}],"version-history":[{"count":484,"href":"https:\/\/elekey.de\/index.php?rest_route=\/wp\/v2\/pages\/16\/revisions"}],"predecessor-version":[{"id":2815,"href":"https:\/\/elekey.de\/index.php?rest_route=\/wp\/v2\/pages\/16\/revisions\/2815"}],"wp:attachment":[{"href":"https:\/\/elekey.de\/index.php?rest_route=%2Fwp%2Fv2%2Fmedia&parent=16"}],"curies":[{"name":"wp","href":"https:\/\/api.w.org\/{rel}","templated":true}]}}